{"id":5934,"date":"2021-09-22T17:40:47","date_gmt":"2021-09-22T17:40:47","guid":{"rendered":"https:\/\/www.frecan.es\/blog\/?page_id=5934"},"modified":"2021-10-17T07:53:28","modified_gmt":"2021-10-17T07:53:28","slug":"aumento-venta-electrodomesticos","status":"publish","type":"page","link":"https:\/\/www.frecan.es\/blog\/aumento-venta-electrodomesticos\/","title":{"rendered":"Las ventas de electrodom\u00e9sticos se disparan por la pandemia"},"content":{"rendered":"<h2 style=\"color: #949494; font-size: 24px; line-height: 26px; margin-top: -20px;\">Atr\u00e1s quedaron los d\u00edas en que las cocinas eran solo un lugar para preparar alimentos. Hoy en d\u00eda, las cocinas son habitaciones multifuncionales que desempe\u00f1an una variedad de roles fundamentales en nuestros hogares y a menudo de una manera que nunca antes lo hab\u00edan hecho.<\/h2>\n<p><!--more--><\/p>\n<p><img loading=\"lazy\" decoding=\"async\" src=\"https:\/\/www.frecan.es\/blog\/wp-content\/uploads\/2021\/07\/tu-cocina-el-corazon-hogar-subida-venta-electrodomesticos.jpg\" alt=\"Aumento venta electrodom\u00e9sticos. Especialistas en campanas Frecan\" width=\"1600\" height=\"1067\" class=\"aligncenter size-full wp-image-5941\" srcset=\"https:\/\/www.frecan.es\/blog\/wp-content\/uploads\/2021\/07\/tu-cocina-el-corazon-hogar-subida-venta-electrodomesticos.jpg 1600w, https:\/\/www.frecan.es\/blog\/wp-content\/uploads\/2021\/07\/tu-cocina-el-corazon-hogar-subida-venta-electrodomesticos-300x200.jpg 300w, https:\/\/www.frecan.es\/blog\/wp-content\/uploads\/2021\/07\/tu-cocina-el-corazon-hogar-subida-venta-electrodomesticos-1024x683.jpg 1024w, https:\/\/www.frecan.es\/blog\/wp-content\/uploads\/2021\/07\/tu-cocina-el-corazon-hogar-subida-venta-electrodomesticos-768x512.jpg 768w, https:\/\/www.frecan.es\/blog\/wp-content\/uploads\/2021\/07\/tu-cocina-el-corazon-hogar-subida-venta-electrodomesticos-1536x1024.jpg 1536w, https:\/\/www.frecan.es\/blog\/wp-content\/uploads\/2021\/07\/tu-cocina-el-corazon-hogar-subida-venta-electrodomesticos-800x534.jpg 800w, https:\/\/www.frecan.es\/blog\/wp-content\/uploads\/2021\/07\/tu-cocina-el-corazon-hogar-subida-venta-electrodomesticos-1280x854.jpg 1280w\" sizes=\"auto, (max-width: 1600px) 100vw, 1600px\" \/><\/p>\n<p>En esta pandemia las prioridades han ido cambiando. Las experiencias las hemos que tenido que dejar a un lado y nos hemos dado cuenta que los caprichos han perdido significado. Hemos pasado demasiado tiempo en casa y hemos priorizado nuestras necesidades b\u00e1sicas. Lo que antes no le damos importancia ahora lo adoramos: Desde cocinar nuestra comida favorita y aprender a hornear con mam\u00e1, hasta hacer la tarea con nuestros hijos, estar con amigos, y usarlo como un lugar para conversar con una taza de t\u00e9 bien caliente.<\/p>\n<p>Hace una semana, ten\u00edamos el placer de salir en una televisi\u00f3n auton\u00f3mica como pioneros en el dise\u00f1o, fabricaci\u00f3n y venta de electrodom\u00e9sticos de proximidad. En el mismo, ve\u00edamos c\u00f3mo las ventas de electrodom\u00e9sticos est\u00e1n disparadas desde que termin\u00f3 el confinamiento. Un aumento de la demanda que nos beneficia a todos: a los fabricantes, pero tambi\u00e9n a los comercios. <\/p>\n<p><iframe loading=\"lazy\" width=\"560\" height=\"315\" src=\"https:\/\/www.youtube.com\/embed\/LJC45OuKhrc\" title=\"YouTube video player\" frameborder=\"0\" allow=\"accelerometer; autoplay; clipboard-write; encrypted-media; gyroscope; picture-in-picture\" allowfullscreen><\/iframe><\/p>\n<p style=\"margin-top:30px;\">La tendencia de los consumidores a cocinar y hornear durante la pandemia puede haberlos hecho darse cuenta de que su cocina necesita una mejora, o incluso una grande reforma. Quiz\u00e1s sus electrodom\u00e9sticos est\u00e9n desactualizados, el dise\u00f1o del piso debe ser reconfigurado para acomodar a m\u00e1s personas o pueda, que alguien que se haya convertido en un s\u00faper chef, ahora considera integrar una gama de electrodom\u00e9sticos para hacer el proceso m\u00e1s f\u00e1cil y eficiente. <\/p>\n<p>La cocina es sin duda la estancia m\u00e1s utilizada del hogar y un lugar que est\u00e1 lleno de recuerdos&#8230; Y ahora, todo el mundo quiere los electrodom\u00e9sticos y una decoraci\u00f3n moderna que hacen que cocinar y trabajar en la cocina sea un placer.<\/p>\n<p><strong>Y dinos, \u00bfEs tu cocina el coraz\u00f3n de tu hogar? \u00bfTienes recuerdos especiales en la cocina que despierten una verdadera nostalgia?<\/strong><\/p>\n<h3>Descubre m\u00e1s sobre Frecan<\/h3>\n<blockquote class=\"wp-embedded-content\" data-secret=\"f0sHbwEtFj\"><p><a href=\"https:\/\/www.frecan.es\/blog\/que-somos-frecan\/\">Cada una de nuestras campanas tiene su propia personalidad y todas ellas coinciden en algo: el Silencio; con el objetivo de crear confort para tu hogar y la cocina sea el lugar perfecto de reuni\u00f3n.<\/a><\/p><\/blockquote>\n<p><iframe loading=\"lazy\" class=\"wp-embedded-content\" sandbox=\"allow-scripts\" security=\"restricted\" style=\"position: absolute; clip: rect(1px, 1px, 1px, 1px);\" title=\"\u00abCada una de nuestras campanas tiene su propia personalidad y todas ellas coinciden en algo: el Silencio; con el objetivo de crear confort para tu hogar y la cocina sea el lugar perfecto de reuni\u00f3n.\u00bb \u2014 Blog de Frecan\" src=\"https:\/\/www.frecan.es\/blog\/que-somos-frecan\/embed\/#?secret=f0sHbwEtFj\" data-secret=\"f0sHbwEtFj\" width=\"600\" height=\"338\" frameborder=\"0\" marginwidth=\"0\" marginheight=\"0\" scrolling=\"no\"><\/iframe><\/p>\n<blockquote class=\"wp-embedded-content\" data-secret=\"eDzXIZTr6S\"><p><a href=\"https:\/\/www.frecan.es\/blog\/bienvenidos-a-frecan-fabricantes-campanas\/\">Cada d\u00eda m\u00e1s presentes, cada d\u00eda m\u00e1s conectados, cada d\u00eda m\u00e1s internacionalizados.<\/a><\/p><\/blockquote>\n<p><iframe loading=\"lazy\" class=\"wp-embedded-content\" sandbox=\"allow-scripts\" security=\"restricted\" style=\"position: absolute; clip: rect(1px, 1px, 1px, 1px);\" title=\"\u00abCada d\u00eda m\u00e1s presentes, cada d\u00eda m\u00e1s conectados, cada d\u00eda m\u00e1s internacionalizados.\u00bb \u2014 Blog de Frecan\" src=\"https:\/\/www.frecan.es\/blog\/bienvenidos-a-frecan-fabricantes-campanas\/embed\/#?secret=eDzXIZTr6S\" data-secret=\"eDzXIZTr6S\" width=\"600\" height=\"338\" frameborder=\"0\" marginwidth=\"0\" marginheight=\"0\" scrolling=\"no\"><\/iframe><\/p>\n","protected":false},"excerpt":{"rendered":"<p>Atr\u00e1s quedaron los d\u00edas en que las cocinas eran solo un lugar para preparar alimentos. Hoy en d\u00eda, las cocinas son habitaciones multifuncionales que desempe\u00f1an una variedad de roles fundamentales en nuestros hogares y a menudo de una manera que nunca antes lo hab\u00edan hecho.<\/p>\n","protected":false},"author":2,"featured_media":6188,"parent":0,"menu_order":0,"comment_status":"closed","ping_status":"closed","template":"","meta":{"footnotes":""},"class_list":["post-5934","page","type-page","status-publish","has-post-thumbnail"],"yoast_head":"<!-- This site is optimized with the Yoast SEO plugin v24.7 - https:\/\/yoast.com\/wordpress\/plugins\/seo\/ -->\n<title>Las ventas de electrodom\u00e9sticos se disparan por la pandemia | Frecan<\/title>\n<meta name=\"description\" content=\"Despu\u00e9s del covid, todo el mundo quiere electrodom\u00e9sticos y una decoraci\u00f3n moderna que hacen que cocinar y estar en la cocina sea un placer\" \/>\n<meta name=\"robots\" content=\"index, follow, max-snippet:-1, max-image-preview:large, max-video-preview:-1\" \/>\n<link rel=\"canonical\" href=\"https:\/\/www.frecan.es\/blog\/aumento-venta-electrodomesticos\/\" \/>\n<meta property=\"og:locale\" content=\"es_ES\" \/>\n<meta property=\"og:type\" content=\"article\" \/>\n<meta property=\"og:title\" content=\"Las ventas de electrodom\u00e9sticos se disparan por la pandemia | Frecan\" \/>\n<meta property=\"og:description\" content=\"Despu\u00e9s del covid, todo el mundo quiere electrodom\u00e9sticos y una decoraci\u00f3n moderna que hacen que cocinar y estar en la cocina sea un placer\" \/>\n<meta property=\"og:url\" content=\"https:\/\/www.frecan.es\/blog\/aumento-venta-electrodomesticos\/\" \/>\n<meta property=\"og:site_name\" content=\"Blog de Frecan\" \/>\n<meta property=\"article:modified_time\" content=\"2021-10-17T07:53:28+00:00\" \/>\n<meta property=\"og:image\" content=\"https:\/\/www.frecan.es\/blog\/wp-content\/uploads\/2021\/10\/ventas-electrodomesticos-aumentan-debido-pandemia.jpg\" \/>\n\t<meta property=\"og:image:width\" content=\"1000\" \/>\n\t<meta property=\"og:image:height\" content=\"1000\" \/>\n\t<meta property=\"og:image:type\" content=\"image\/jpeg\" \/>\n<meta name=\"twitter:card\" content=\"summary_large_image\" \/>\n<meta name=\"twitter:label1\" content=\"Tiempo de lectura\" \/>\n\t<meta name=\"twitter:data1\" content=\"2 minutos\" \/>\n<script type=\"application\/ld+json\" class=\"yoast-schema-graph\">{\"@context\":\"https:\/\/schema.org\",\"@graph\":[{\"@type\":\"WebPage\",\"@id\":\"https:\/\/www.frecan.es\/blog\/aumento-venta-electrodomesticos\/\",\"url\":\"https:\/\/www.frecan.es\/blog\/aumento-venta-electrodomesticos\/\",\"name\":\"Las ventas de electrodom\u00e9sticos se disparan por la pandemia | Frecan\",\"isPartOf\":{\"@id\":\"https:\/\/www.frecan.es\/blog\/#website\"},\"primaryImageOfPage\":{\"@id\":\"https:\/\/www.frecan.es\/blog\/aumento-venta-electrodomesticos\/#primaryimage\"},\"image\":{\"@id\":\"https:\/\/www.frecan.es\/blog\/aumento-venta-electrodomesticos\/#primaryimage\"},\"thumbnailUrl\":\"https:\/\/www.frecan.es\/blog\/wp-content\/uploads\/2021\/10\/ventas-electrodomesticos-aumentan-debido-pandemia.jpg\",\"datePublished\":\"2021-09-22T17:40:47+00:00\",\"dateModified\":\"2021-10-17T07:53:28+00:00\",\"description\":\"Despu\u00e9s del covid, todo el mundo quiere electrodom\u00e9sticos y una decoraci\u00f3n moderna que hacen que cocinar y estar en la cocina sea un placer\",\"breadcrumb\":{\"@id\":\"https:\/\/www.frecan.es\/blog\/aumento-venta-electrodomesticos\/#breadcrumb\"},\"inLanguage\":\"es\",\"potentialAction\":[{\"@type\":\"ReadAction\",\"target\":[\"https:\/\/www.frecan.es\/blog\/aumento-venta-electrodomesticos\/\"]}]},{\"@type\":\"ImageObject\",\"inLanguage\":\"es\",\"@id\":\"https:\/\/www.frecan.es\/blog\/aumento-venta-electrodomesticos\/#primaryimage\",\"url\":\"https:\/\/www.frecan.es\/blog\/wp-content\/uploads\/2021\/10\/ventas-electrodomesticos-aumentan-debido-pandemia.jpg\",\"contentUrl\":\"https:\/\/www.frecan.es\/blog\/wp-content\/uploads\/2021\/10\/ventas-electrodomesticos-aumentan-debido-pandemia.jpg\",\"width\":1000,\"height\":1000,\"caption\":\"aumenta venta electrodom\u00e9sticos\"},{\"@type\":\"BreadcrumbList\",\"@id\":\"https:\/\/www.frecan.es\/blog\/aumento-venta-electrodomesticos\/#breadcrumb\",\"itemListElement\":[{\"@type\":\"ListItem\",\"position\":1,\"name\":\"Portada\",\"item\":\"https:\/\/www.frecan.es\/blog\/\"},{\"@type\":\"ListItem\",\"position\":2,\"name\":\"Las ventas de electrodom\u00e9sticos se disparan por la pandemia\"}]},{\"@type\":\"WebSite\",\"@id\":\"https:\/\/www.frecan.es\/blog\/#website\",\"url\":\"https:\/\/www.frecan.es\/blog\/\",\"name\":\"Blog de Frecan\",\"description\":\"Artesan\u00eda, tecnolog\u00eda y vanguardia en el coraz\u00f3n de tu cocina\",\"publisher\":{\"@id\":\"https:\/\/www.frecan.es\/blog\/#organization\"},\"potentialAction\":[{\"@type\":\"SearchAction\",\"target\":{\"@type\":\"EntryPoint\",\"urlTemplate\":\"https:\/\/www.frecan.es\/blog\/?s={search_term_string}\"},\"query-input\":{\"@type\":\"PropertyValueSpecification\",\"valueRequired\":true,\"valueName\":\"search_term_string\"}}],\"inLanguage\":\"es\"},{\"@type\":\"Organization\",\"@id\":\"https:\/\/www.frecan.es\/blog\/#organization\",\"name\":\"Frecan\",\"url\":\"https:\/\/www.frecan.es\/blog\/\",\"logo\":{\"@type\":\"ImageObject\",\"inLanguage\":\"es\",\"@id\":\"https:\/\/www.frecan.es\/blog\/#\/schema\/logo\/image\/\",\"url\":\"https:\/\/www.frecan.es\/blog\/wp-content\/uploads\/2016\/02\/logo-frecan.png\",\"contentUrl\":\"https:\/\/www.frecan.es\/blog\/wp-content\/uploads\/2016\/02\/logo-frecan.png\",\"width\":250,\"height\":27,\"caption\":\"Frecan\"},\"image\":{\"@id\":\"https:\/\/www.frecan.es\/blog\/#\/schema\/logo\/image\/\"}}]}<\/script>\n<!-- \/ Yoast SEO plugin. -->","yoast_head_json":{"title":"Las ventas de electrodom\u00e9sticos se disparan por la pandemia | Frecan","description":"Despu\u00e9s del covid, todo el mundo quiere electrodom\u00e9sticos y una decoraci\u00f3n moderna que hacen que cocinar y estar en la cocina sea un placer","robots":{"index":"index","follow":"follow","max-snippet":"max-snippet:-1","max-image-preview":"max-image-preview:large","max-video-preview":"max-video-preview:-1"},"canonical":"https:\/\/www.frecan.es\/blog\/aumento-venta-electrodomesticos\/","og_locale":"es_ES","og_type":"article","og_title":"Las ventas de electrodom\u00e9sticos se disparan por la pandemia | Frecan","og_description":"Despu\u00e9s del covid, todo el mundo quiere electrodom\u00e9sticos y una decoraci\u00f3n moderna que hacen que cocinar y estar en la cocina sea un placer","og_url":"https:\/\/www.frecan.es\/blog\/aumento-venta-electrodomesticos\/","og_site_name":"Blog de Frecan","article_modified_time":"2021-10-17T07:53:28+00:00","og_image":[{"width":1000,"height":1000,"url":"https:\/\/www.frecan.es\/blog\/wp-content\/uploads\/2021\/10\/ventas-electrodomesticos-aumentan-debido-pandemia.jpg","type":"image\/jpeg"}],"twitter_card":"summary_large_image","twitter_misc":{"Tiempo de lectura":"2 minutos"},"schema":{"@context":"https:\/\/schema.org","@graph":[{"@type":"WebPage","@id":"https:\/\/www.frecan.es\/blog\/aumento-venta-electrodomesticos\/","url":"https:\/\/www.frecan.es\/blog\/aumento-venta-electrodomesticos\/","name":"Las ventas de electrodom\u00e9sticos se disparan por la pandemia | Frecan","isPartOf":{"@id":"https:\/\/www.frecan.es\/blog\/#website"},"primaryImageOfPage":{"@id":"https:\/\/www.frecan.es\/blog\/aumento-venta-electrodomesticos\/#primaryimage"},"image":{"@id":"https:\/\/www.frecan.es\/blog\/aumento-venta-electrodomesticos\/#primaryimage"},"thumbnailUrl":"https:\/\/www.frecan.es\/blog\/wp-content\/uploads\/2021\/10\/ventas-electrodomesticos-aumentan-debido-pandemia.jpg","datePublished":"2021-09-22T17:40:47+00:00","dateModified":"2021-10-17T07:53:28+00:00","description":"Despu\u00e9s del covid, todo el mundo quiere electrodom\u00e9sticos y una decoraci\u00f3n moderna que hacen que cocinar y estar en la cocina sea un placer","breadcrumb":{"@id":"https:\/\/www.frecan.es\/blog\/aumento-venta-electrodomesticos\/#breadcrumb"},"inLanguage":"es","potentialAction":[{"@type":"ReadAction","target":["https:\/\/www.frecan.es\/blog\/aumento-venta-electrodomesticos\/"]}]},{"@type":"ImageObject","inLanguage":"es","@id":"https:\/\/www.frecan.es\/blog\/aumento-venta-electrodomesticos\/#primaryimage","url":"https:\/\/www.frecan.es\/blog\/wp-content\/uploads\/2021\/10\/ventas-electrodomesticos-aumentan-debido-pandemia.jpg","contentUrl":"https:\/\/www.frecan.es\/blog\/wp-content\/uploads\/2021\/10\/ventas-electrodomesticos-aumentan-debido-pandemia.jpg","width":1000,"height":1000,"caption":"aumenta venta electrodom\u00e9sticos"},{"@type":"BreadcrumbList","@id":"https:\/\/www.frecan.es\/blog\/aumento-venta-electrodomesticos\/#breadcrumb","itemListElement":[{"@type":"ListItem","position":1,"name":"Portada","item":"https:\/\/www.frecan.es\/blog\/"},{"@type":"ListItem","position":2,"name":"Las ventas de electrodom\u00e9sticos se disparan por la pandemia"}]},{"@type":"WebSite","@id":"https:\/\/www.frecan.es\/blog\/#website","url":"https:\/\/www.frecan.es\/blog\/","name":"Blog de Frecan","description":"Artesan\u00eda, tecnolog\u00eda y vanguardia en el coraz\u00f3n de tu cocina","publisher":{"@id":"https:\/\/www.frecan.es\/blog\/#organization"},"potentialAction":[{"@type":"SearchAction","target":{"@type":"EntryPoint","urlTemplate":"https:\/\/www.frecan.es\/blog\/?s={search_term_string}"},"query-input":{"@type":"PropertyValueSpecification","valueRequired":true,"valueName":"search_term_string"}}],"inLanguage":"es"},{"@type":"Organization","@id":"https:\/\/www.frecan.es\/blog\/#organization","name":"Frecan","url":"https:\/\/www.frecan.es\/blog\/","logo":{"@type":"ImageObject","inLanguage":"es","@id":"https:\/\/www.frecan.es\/blog\/#\/schema\/logo\/image\/","url":"https:\/\/www.frecan.es\/blog\/wp-content\/uploads\/2016\/02\/logo-frecan.png","contentUrl":"https:\/\/www.frecan.es\/blog\/wp-content\/uploads\/2016\/02\/logo-frecan.png","width":250,"height":27,"caption":"Frecan"},"image":{"@id":"https:\/\/www.frecan.es\/blog\/#\/schema\/logo\/image\/"}}]}},"_links":{"self":[{"href":"https:\/\/www.frecan.es\/blog\/wp-json\/wp\/v2\/pages\/5934","targetHints":{"allow":["GET"]}}],"collection":[{"href":"https:\/\/www.frecan.es\/blog\/wp-json\/wp\/v2\/pages"}],"about":[{"href":"https:\/\/www.frecan.es\/blog\/wp-json\/wp\/v2\/types\/page"}],"author":[{"embeddable":true,"href":"https:\/\/www.frecan.es\/blog\/wp-json\/wp\/v2\/users\/2"}],"replies":[{"embeddable":true,"href":"https:\/\/www.frecan.es\/blog\/wp-json\/wp\/v2\/comments?post=5934"}],"version-history":[{"count":6,"href":"https:\/\/www.frecan.es\/blog\/wp-json\/wp\/v2\/pages\/5934\/revisions"}],"predecessor-version":[{"id":6033,"href":"https:\/\/www.frecan.es\/blog\/wp-json\/wp\/v2\/pages\/5934\/revisions\/6033"}],"wp:featuredmedia":[{"embeddable":true,"href":"https:\/\/www.frecan.es\/blog\/wp-json\/wp\/v2\/media\/6188"}],"wp:attachment":[{"href":"https:\/\/www.frecan.es\/blog\/wp-json\/wp\/v2\/media?parent=5934"}],"curies":[{"name":"wp","href":"https:\/\/api.w.org\/{rel}","templated":true}]}}