{"id":5949,"date":"2021-09-22T17:40:47","date_gmt":"2021-09-22T17:40:47","guid":{"rendered":"https:\/\/www.frecan.es\/blog\/aumento-venta-electrodomesticos\/"},"modified":"2021-10-17T07:53:50","modified_gmt":"2021-10-17T07:53:50","slug":"increased-sales-appliance","status":"publish","type":"page","link":"https:\/\/www.frecan.es\/blog\/en\/increased-sales-appliance\/","title":{"rendered":"Home appliance sales soar due to the pandemic"},"content":{"rendered":"<h2 style=\"color: #949494; font-size: 24px; line-height: 26px; margin-top: -20px;\">Gone are the days when kitchens were just a place to prepare food. Today, kitchens are multi-functional rooms that play a variety of pivotal roles in our homes, often in ways that they never have before.<\/h2>\n<p><img loading=\"lazy\" decoding=\"async\" src=\"https:\/\/www.frecan.es\/blog\/wp-content\/uploads\/2021\/07\/tu-cocina-el-corazon-hogar-subida-venta-electrodomesticos.jpg\" alt=\"The sale of household appliances grows\" width=\"1600\" height=\"1067\" class=\"aligncenter size-full wp-image-5942\" srcset=\"https:\/\/www.frecan.es\/blog\/wp-content\/uploads\/2021\/07\/tu-cocina-el-corazon-hogar-subida-venta-electrodomesticos.jpg 1600w, https:\/\/www.frecan.es\/blog\/wp-content\/uploads\/2021\/07\/tu-cocina-el-corazon-hogar-subida-venta-electrodomesticos-300x200.jpg 300w, https:\/\/www.frecan.es\/blog\/wp-content\/uploads\/2021\/07\/tu-cocina-el-corazon-hogar-subida-venta-electrodomesticos-1024x683.jpg 1024w, https:\/\/www.frecan.es\/blog\/wp-content\/uploads\/2021\/07\/tu-cocina-el-corazon-hogar-subida-venta-electrodomesticos-768x512.jpg 768w, https:\/\/www.frecan.es\/blog\/wp-content\/uploads\/2021\/07\/tu-cocina-el-corazon-hogar-subida-venta-electrodomesticos-1536x1024.jpg 1536w, https:\/\/www.frecan.es\/blog\/wp-content\/uploads\/2021\/07\/tu-cocina-el-corazon-hogar-subida-venta-electrodomesticos-800x534.jpg 800w, https:\/\/www.frecan.es\/blog\/wp-content\/uploads\/2021\/07\/tu-cocina-el-corazon-hogar-subida-venta-electrodomesticos-1280x854.jpg 1280w\" sizes=\"auto, (max-width: 1600px) 100vw, 1600px\" \/><\/p>\n<p>In this pandemic, priorities have been changing. Experiences have had to be put aside and we have realized that the whims have lost their meaning. We have spent too much time at home and we have prioritized our basic needs and what we did not give importance before we now adore:  From cooking up our favourite meals, nourishing our bodies and learning to bake with mum to doing homework with our children, hosting and entertaining friends, and using it as a place to converse over a steaming cup of tea. <\/p>\n<p>A week ago, we had the pleasure of being on local tv as pioneers in the design, manufacture and sale of proximity appliances. In the documentary we can see how sales are\u00a0going\u00a0through the roof since\u00a0the\u00a0end\u00a0of\u00a0the confinement. An increase in demand which benefits us all, manufacturers and businesses.<\/p>\n<p>Consumers\u2019 increased propensity for cooking and baking during the pandemic may have made them realize that their kitchen is in need of an upgrade  or even a major overhaul. Perhaps their appliances are outdated, or the floor plan needs to be reconfigured to accommodate more people or counterspace is severely lacking. Or someone who\u2019s become a super chef may now consider integrating a range with proofing capability to make the process easier and more efficient. <\/p>\n<div style=\"width: 1280px;\" class=\"wp-video\"><!--[if lt IE 9]><script>document.createElement('video');<\/script><![endif]-->\n<video class=\"wp-video-shortcode\" id=\"video-5949-1\" width=\"1280\" height=\"720\" preload=\"metadata\" controls=\"controls\"><source type=\"video\/mp4\" src=\"https:\/\/www.frecan.es\/blog\/wp-content\/uploads\/2021\/07\/tv3-music-frecan.mp4?_=1\" \/><a href=\"https:\/\/www.frecan.es\/blog\/wp-content\/uploads\/2021\/07\/tv3-music-frecan.mp4\">https:\/\/www.frecan.es\/blog\/wp-content\/uploads\/2021\/07\/tv3-music-frecan.mp4<\/a><\/video><\/div>\n<p style=\"margin-top:30px;\">Consumers\u2019 increased propensity for cooking and baking during the pandemic may have made them realize that their kitchen is in need of an upgrade  or even a major overhaul. Perhaps their appliances are outdated, or the floor plan needs to be reconfigured to accommodate more people or counterspace is severely lacking. Or someone who\u2019s become a super chef may now consider integrating a range with proofing capability to make the process easier and more efficient.  <\/p>\n<p>The kitchen is undoubtedly the most used room in the home and a place that is full of memories\u2026 and now, everybody wants the modern appliances and trimmings that make cooking and working in the kitchen a joy.<\/p>\n<p><strong>Tell us, is your kitchen the heart of your home? Do you have special memories in the kitchen that stir up some real nostalgia?<\/strong><\/p>\n<h3>Descubre m\u00e1s sobre Frecan<\/h3>\n<blockquote class=\"wp-embedded-content\" data-secret=\"1VrYbPXYGW\"><p><a href=\"https:\/\/www.frecan.es\/blog\/que-somos-frecan\/\">Cada una de nuestras campanas tiene su propia personalidad y todas ellas coinciden en algo: el Silencio; con el objetivo de crear confort para tu hogar y la cocina sea el lugar perfecto de reuni\u00f3n.<\/a><\/p><\/blockquote>\n<p><iframe loading=\"lazy\" class=\"wp-embedded-content\" sandbox=\"allow-scripts\" security=\"restricted\" style=\"position: absolute; clip: rect(1px, 1px, 1px, 1px);\" title=\"&#8220;Cada una de nuestras campanas tiene su propia personalidad y todas ellas coinciden en algo: el Silencio; con el objetivo de crear confort para tu hogar y la cocina sea el lugar perfecto de reuni\u00f3n.&#8221; &#8212; Blog de Frecan\" src=\"https:\/\/www.frecan.es\/blog\/que-somos-frecan\/embed\/#?secret=1VrYbPXYGW\" data-secret=\"1VrYbPXYGW\" width=\"600\" height=\"338\" frameborder=\"0\" marginwidth=\"0\" marginheight=\"0\" scrolling=\"no\"><\/iframe><\/p>\n<blockquote class=\"wp-embedded-content\" data-secret=\"BRysgvYkEO\"><p><a href=\"https:\/\/www.frecan.es\/blog\/en\/welcome-to-frecan-hood-manufacturers\/\">Cada d\u00eda m\u00e1s presentes, cada d\u00eda m\u00e1s conectados, cada d\u00eda m\u00e1s internacionalizados.<\/a><\/p><\/blockquote>\n<p><iframe loading=\"lazy\" class=\"wp-embedded-content\" sandbox=\"allow-scripts\" security=\"restricted\" style=\"position: absolute; clip: rect(1px, 1px, 1px, 1px);\" title=\"&#8220;Cada d\u00eda m\u00e1s presentes, cada d\u00eda m\u00e1s conectados, cada d\u00eda m\u00e1s internacionalizados.&#8221; &#8212; Blog de Frecan\" src=\"https:\/\/www.frecan.es\/blog\/en\/welcome-to-frecan-hood-manufacturers\/embed\/#?secret=BRysgvYkEO\" data-secret=\"BRysgvYkEO\" width=\"600\" height=\"338\" frameborder=\"0\" marginwidth=\"0\" marginheight=\"0\" scrolling=\"no\"><\/iframe><\/p>\n","protected":false},"excerpt":{"rendered":"<p>Gone are the days when kitchens were just a place to prepare food. Today, kitchens are multi-functional rooms that play a variety of pivotal roles in our homes, often in ways that they never have before.<\/p>\n<p>In this pandemic, priorities have been changing. Experiences have had to be put aside and we have realized that the &#8230;<\/p>\n","protected":false},"author":2,"featured_media":6191,"parent":0,"menu_order":0,"comment_status":"closed","ping_status":"closed","template":"","meta":{"footnotes":""},"class_list":["post-5949","page","type-page","status-publish","has-post-thumbnail"],"yoast_head":"<!-- This site is optimized with the Yoast SEO plugin v24.7 - https:\/\/yoast.com\/wordpress\/plugins\/seo\/ -->\n<title>Home appliance sales soar due to the pandemic | Frecan<\/title>\n<meta name=\"description\" content=\"After the covid, everybody wants the modern appliances and trimmings that make cooking and working in the kitchen a joy.\" \/>\n<meta name=\"robots\" content=\"index, follow, max-snippet:-1, max-image-preview:large, max-video-preview:-1\" \/>\n<link rel=\"canonical\" href=\"https:\/\/www.frecan.es\/blog\/en\/increased-sales-appliance\/\" \/>\n<meta property=\"og:locale\" content=\"en_US\" \/>\n<meta property=\"og:type\" content=\"article\" \/>\n<meta property=\"og:title\" content=\"Home appliance sales soar due to the pandemic | Frecan\" \/>\n<meta property=\"og:description\" content=\"After the covid, everybody wants the modern appliances and trimmings that make cooking and working in the kitchen a joy.\" \/>\n<meta property=\"og:url\" content=\"https:\/\/www.frecan.es\/blog\/en\/increased-sales-appliance\/\" \/>\n<meta property=\"og:site_name\" content=\"Blog de Frecan\" \/>\n<meta property=\"article:modified_time\" content=\"2021-10-17T07:53:50+00:00\" \/>\n<meta property=\"og:image\" content=\"https:\/\/www.frecan.es\/blog\/wp-content\/uploads\/2021\/10\/home-appliances-sales-increase-during-pandemic.jpg\" \/>\n\t<meta property=\"og:image:width\" content=\"1000\" \/>\n\t<meta property=\"og:image:height\" content=\"1000\" \/>\n\t<meta property=\"og:image:type\" content=\"image\/jpeg\" \/>\n<meta name=\"twitter:card\" content=\"summary_large_image\" \/>\n<meta name=\"twitter:label1\" content=\"Est. reading time\" \/>\n\t<meta name=\"twitter:data1\" content=\"2 minutes\" \/>\n<script type=\"application\/ld+json\" class=\"yoast-schema-graph\">{\"@context\":\"https:\/\/schema.org\",\"@graph\":[{\"@type\":\"WebPage\",\"@id\":\"https:\/\/www.frecan.es\/blog\/en\/increased-sales-appliance\/\",\"url\":\"https:\/\/www.frecan.es\/blog\/en\/increased-sales-appliance\/\",\"name\":\"Home appliance sales soar due to the pandemic | Frecan\",\"isPartOf\":{\"@id\":\"https:\/\/www.frecan.es\/blog\/en\/#website\"},\"primaryImageOfPage\":{\"@id\":\"https:\/\/www.frecan.es\/blog\/en\/increased-sales-appliance\/#primaryimage\"},\"image\":{\"@id\":\"https:\/\/www.frecan.es\/blog\/en\/increased-sales-appliance\/#primaryimage\"},\"thumbnailUrl\":\"https:\/\/www.frecan.es\/blog\/wp-content\/uploads\/2021\/10\/home-appliances-sales-increase-during-pandemic.jpg\",\"datePublished\":\"2021-09-22T17:40:47+00:00\",\"dateModified\":\"2021-10-17T07:53:50+00:00\",\"description\":\"After the covid, everybody wants the modern appliances and trimmings that make cooking and working in the kitchen a joy.\",\"breadcrumb\":{\"@id\":\"https:\/\/www.frecan.es\/blog\/en\/increased-sales-appliance\/#breadcrumb\"},\"inLanguage\":\"en-US\",\"potentialAction\":[{\"@type\":\"ReadAction\",\"target\":[\"https:\/\/www.frecan.es\/blog\/en\/increased-sales-appliance\/\"]}]},{\"@type\":\"ImageObject\",\"inLanguage\":\"en-US\",\"@id\":\"https:\/\/www.frecan.es\/blog\/en\/increased-sales-appliance\/#primaryimage\",\"url\":\"https:\/\/www.frecan.es\/blog\/wp-content\/uploads\/2021\/10\/home-appliances-sales-increase-during-pandemic.jpg\",\"contentUrl\":\"https:\/\/www.frecan.es\/blog\/wp-content\/uploads\/2021\/10\/home-appliances-sales-increase-during-pandemic.jpg\",\"width\":1000,\"height\":1000,\"caption\":\"The sale of household appliances grows. Frecan\"},{\"@type\":\"BreadcrumbList\",\"@id\":\"https:\/\/www.frecan.es\/blog\/en\/increased-sales-appliance\/#breadcrumb\",\"itemListElement\":[{\"@type\":\"ListItem\",\"position\":1,\"name\":\"Cover page\",\"item\":\"https:\/\/www.frecan.es\/blog\/en\/\"},{\"@type\":\"ListItem\",\"position\":2,\"name\":\"Home appliance sales soar due to the pandemic\"}]},{\"@type\":\"WebSite\",\"@id\":\"https:\/\/www.frecan.es\/blog\/en\/#website\",\"url\":\"https:\/\/www.frecan.es\/blog\/en\/\",\"name\":\"Blog de Frecan\",\"description\":\"Craftsmanship, technology and avant-garde in the heart of your kitchen\",\"publisher\":{\"@id\":\"https:\/\/www.frecan.es\/blog\/en\/#organization\"},\"potentialAction\":[{\"@type\":\"SearchAction\",\"target\":{\"@type\":\"EntryPoint\",\"urlTemplate\":\"https:\/\/www.frecan.es\/blog\/en\/?s={search_term_string}\"},\"query-input\":{\"@type\":\"PropertyValueSpecification\",\"valueRequired\":true,\"valueName\":\"search_term_string\"}}],\"inLanguage\":\"en-US\"},{\"@type\":\"Organization\",\"@id\":\"https:\/\/www.frecan.es\/blog\/en\/#organization\",\"name\":\"Frecan\",\"url\":\"https:\/\/www.frecan.es\/blog\/en\/\",\"logo\":{\"@type\":\"ImageObject\",\"inLanguage\":\"en-US\",\"@id\":\"https:\/\/www.frecan.es\/blog\/en\/#\/schema\/logo\/image\/\",\"url\":\"https:\/\/www.frecan.es\/blog\/wp-content\/uploads\/2016\/02\/logo-frecan.png\",\"contentUrl\":\"https:\/\/www.frecan.es\/blog\/wp-content\/uploads\/2016\/02\/logo-frecan.png\",\"width\":250,\"height\":27,\"caption\":\"Frecan\"},\"image\":{\"@id\":\"https:\/\/www.frecan.es\/blog\/en\/#\/schema\/logo\/image\/\"}}]}<\/script>\n<!-- \/ Yoast SEO plugin. -->","yoast_head_json":{"title":"Home appliance sales soar due to the pandemic | Frecan","description":"After the covid, everybody wants the modern appliances and trimmings that make cooking and working in the kitchen a joy.","robots":{"index":"index","follow":"follow","max-snippet":"max-snippet:-1","max-image-preview":"max-image-preview:large","max-video-preview":"max-video-preview:-1"},"canonical":"https:\/\/www.frecan.es\/blog\/en\/increased-sales-appliance\/","og_locale":"en_US","og_type":"article","og_title":"Home appliance sales soar due to the pandemic | Frecan","og_description":"After the covid, everybody wants the modern appliances and trimmings that make cooking and working in the kitchen a joy.","og_url":"https:\/\/www.frecan.es\/blog\/en\/increased-sales-appliance\/","og_site_name":"Blog de Frecan","article_modified_time":"2021-10-17T07:53:50+00:00","og_image":[{"width":1000,"height":1000,"url":"https:\/\/www.frecan.es\/blog\/wp-content\/uploads\/2021\/10\/home-appliances-sales-increase-during-pandemic.jpg","type":"image\/jpeg"}],"twitter_card":"summary_large_image","twitter_misc":{"Est. reading time":"2 minutes"},"schema":{"@context":"https:\/\/schema.org","@graph":[{"@type":"WebPage","@id":"https:\/\/www.frecan.es\/blog\/en\/increased-sales-appliance\/","url":"https:\/\/www.frecan.es\/blog\/en\/increased-sales-appliance\/","name":"Home appliance sales soar due to the pandemic | Frecan","isPartOf":{"@id":"https:\/\/www.frecan.es\/blog\/en\/#website"},"primaryImageOfPage":{"@id":"https:\/\/www.frecan.es\/blog\/en\/increased-sales-appliance\/#primaryimage"},"image":{"@id":"https:\/\/www.frecan.es\/blog\/en\/increased-sales-appliance\/#primaryimage"},"thumbnailUrl":"https:\/\/www.frecan.es\/blog\/wp-content\/uploads\/2021\/10\/home-appliances-sales-increase-during-pandemic.jpg","datePublished":"2021-09-22T17:40:47+00:00","dateModified":"2021-10-17T07:53:50+00:00","description":"After the covid, everybody wants the modern appliances and trimmings that make cooking and working in the kitchen a joy.","breadcrumb":{"@id":"https:\/\/www.frecan.es\/blog\/en\/increased-sales-appliance\/#breadcrumb"},"inLanguage":"en-US","potentialAction":[{"@type":"ReadAction","target":["https:\/\/www.frecan.es\/blog\/en\/increased-sales-appliance\/"]}]},{"@type":"ImageObject","inLanguage":"en-US","@id":"https:\/\/www.frecan.es\/blog\/en\/increased-sales-appliance\/#primaryimage","url":"https:\/\/www.frecan.es\/blog\/wp-content\/uploads\/2021\/10\/home-appliances-sales-increase-during-pandemic.jpg","contentUrl":"https:\/\/www.frecan.es\/blog\/wp-content\/uploads\/2021\/10\/home-appliances-sales-increase-during-pandemic.jpg","width":1000,"height":1000,"caption":"The sale of household appliances grows. Frecan"},{"@type":"BreadcrumbList","@id":"https:\/\/www.frecan.es\/blog\/en\/increased-sales-appliance\/#breadcrumb","itemListElement":[{"@type":"ListItem","position":1,"name":"Cover page","item":"https:\/\/www.frecan.es\/blog\/en\/"},{"@type":"ListItem","position":2,"name":"Home appliance sales soar due to the pandemic"}]},{"@type":"WebSite","@id":"https:\/\/www.frecan.es\/blog\/en\/#website","url":"https:\/\/www.frecan.es\/blog\/en\/","name":"Blog de Frecan","description":"Craftsmanship, technology and avant-garde in the heart of your kitchen","publisher":{"@id":"https:\/\/www.frecan.es\/blog\/en\/#organization"},"potentialAction":[{"@type":"SearchAction","target":{"@type":"EntryPoint","urlTemplate":"https:\/\/www.frecan.es\/blog\/en\/?s={search_term_string}"},"query-input":{"@type":"PropertyValueSpecification","valueRequired":true,"valueName":"search_term_string"}}],"inLanguage":"en-US"},{"@type":"Organization","@id":"https:\/\/www.frecan.es\/blog\/en\/#organization","name":"Frecan","url":"https:\/\/www.frecan.es\/blog\/en\/","logo":{"@type":"ImageObject","inLanguage":"en-US","@id":"https:\/\/www.frecan.es\/blog\/en\/#\/schema\/logo\/image\/","url":"https:\/\/www.frecan.es\/blog\/wp-content\/uploads\/2016\/02\/logo-frecan.png","contentUrl":"https:\/\/www.frecan.es\/blog\/wp-content\/uploads\/2016\/02\/logo-frecan.png","width":250,"height":27,"caption":"Frecan"},"image":{"@id":"https:\/\/www.frecan.es\/blog\/en\/#\/schema\/logo\/image\/"}}]}},"_links":{"self":[{"href":"https:\/\/www.frecan.es\/blog\/en\/wp-json\/wp\/v2\/pages\/5949","targetHints":{"allow":["GET"]}}],"collection":[{"href":"https:\/\/www.frecan.es\/blog\/en\/wp-json\/wp\/v2\/pages"}],"about":[{"href":"https:\/\/www.frecan.es\/blog\/en\/wp-json\/wp\/v2\/types\/page"}],"author":[{"embeddable":true,"href":"https:\/\/www.frecan.es\/blog\/en\/wp-json\/wp\/v2\/users\/2"}],"replies":[{"embeddable":true,"href":"https:\/\/www.frecan.es\/blog\/en\/wp-json\/wp\/v2\/comments?post=5949"}],"version-history":[{"count":2,"href":"https:\/\/www.frecan.es\/blog\/en\/wp-json\/wp\/v2\/pages\/5949\/revisions"}],"predecessor-version":[{"id":5954,"href":"https:\/\/www.frecan.es\/blog\/en\/wp-json\/wp\/v2\/pages\/5949\/revisions\/5954"}],"wp:featuredmedia":[{"embeddable":true,"href":"https:\/\/www.frecan.es\/blog\/en\/wp-json\/wp\/v2\/media\/6191"}],"wp:attachment":[{"href":"https:\/\/www.frecan.es\/blog\/en\/wp-json\/wp\/v2\/media?parent=5949"}],"curies":[{"name":"wp","href":"https:\/\/api.w.org\/{rel}","templated":true}]}}